{"id":15761,"date":"2023-11-13T10:31:22","date_gmt":"2023-11-13T09:31:22","guid":{"rendered":"https:\/\/www.laboite-kilanigroupe.com\/?page_id=15761"},"modified":"2025-10-06T14:53:21","modified_gmt":"2025-10-06T12:53:21","slug":"kaf-w-kaaba-halwa-i-nadia-kaabi-linke","status":"publish","type":"page","link":"https:\/\/www.laboite-kilanigroupe.com\/en\/kaf-w-kaaba-halwa-i-nadia-kaabi-linke\/","title":{"rendered":"Kaf w Kaaba Halwa I Nadia Kaabi-Linke"},"content":{"rendered":"\t\t<div data-elementor-type=\"wp-page\" data-elementor-id=\"15761\" class=\"elementor elementor-15761 elementor-10440\" data-elementor-post-type=\"page\">\n\t\t\t\t\t\t<section class=\"elementor-section elementor-top-section elementor-element elementor-element-3f74e5a elementor-section-stretched elementor-section-boxed elementor-section-height-default elementor-section-height-default\" data-id=\"3f74e5a\" data-element_type=\"section\" data-settings=\"{&quot;stretch_section&quot;:&quot;section-stretched&quot;}\">\n\t\t\t\t\t\t<div class=\"elementor-container elementor-column-gap-default\">\n\t\t\t\t\t<div class=\"elementor-column elementor-col-50 elementor-top-column elementor-element elementor-element-b651e21\" data-id=\"b651e21\" data-element_type=\"column\">\n\t\t\t<div class=\"elementor-widget-wrap elementor-element-populated\">\n\t\t\t\t\t\t<div class=\"elementor-element elementor-element-a48963d elementor-widget elementor-widget-heading\" data-id=\"a48963d\" data-element_type=\"widget\" data-widget_type=\"heading.default\">\n\t\t\t\t<div class=\"elementor-widget-container\">\n\t\t\t\t\t<h1 class=\"elementor-heading-title elementor-size-default\">NADIA KAABI-LINKE<br \/>KAF W KAABA HALWA<\/h1>\t\t\t\t<\/div>\n\t\t\t\t<\/div>\n\t\t\t\t<div class=\"elementor-element elementor-element-1cedbfb elementor-widget elementor-widget-text-editor\" data-id=\"1cedbfb\" data-element_type=\"widget\" data-widget_type=\"text-editor.default\">\n\t\t\t\t<div class=\"elementor-widget-container\">\n\t\t\t\t\t\t\t\t\t<p>21.10.2023 &gt; 23.02.2024<\/p>\t\t\t\t\t\t\t\t<\/div>\n\t\t\t\t<\/div>\n\t\t\t\t<div class=\"elementor-element elementor-element-9236cef elementor-widget elementor-widget-text-editor\" data-id=\"9236cef\" data-element_type=\"widget\" data-widget_type=\"text-editor.default\">\n\t\t\t\t<div class=\"elementor-widget-container\">\n\t\t\t\t\t\t\t\t\t<p>Texte par Timo Kaabi-Linke<\/p>\t\t\t\t\t\t\t\t<\/div>\n\t\t\t\t<\/div>\n\t\t\t\t<div class=\"elementor-element elementor-element-1239edd elementor-widget__width-initial elementor-widget-mobile__width-initial elementor-widget elementor-widget-text-editor\" data-id=\"1239edd\" data-element_type=\"widget\" data-widget_type=\"text-editor.default\">\n\t\t\t\t<div class=\"elementor-widget-container\">\n\t\t\t\t\t\t\t\t\t<p><span style=\"font-family: Arial, Helvetica, sans-serif; font-size: 14pt;\"><i style=\"letter-spacing: 0px;\"><b><span style=\"color: #000000;\">Ou comment se m\u00ealer de la vie de quelqu&#8217;un<\/span><\/b><\/i><\/span><\/p>\n<p style=\"language: fr; line-height: normal; margin-top: 0pt; margin-bottom: 0pt; margin-right: 0in; text-align: justify; text-justify: inter-ideograph; direction: ltr; unicode-bidi: embed;\"><span style=\"font-family: Arial, Helvetica, sans-serif; font-size: 14pt;\"><span style=\"font-variant: normal; color: black; text-transform: none; font-weight: normal; font-style: normal;\">La premi\u00e8re exposition institutionnelle de Nadia <\/span><span style=\"font-variant: normal; color: black; text-transform: none; font-weight: normal; font-style: normal;\">Kaabi<\/span><span style=\"font-variant: normal; color: black; text-transform: none; font-weight: normal; font-style: normal;\">-Linke en Tunisie comprend des \u0153uvres d&#8217;art nouvellement produites qui indiquent, sugg\u00e8rent ou donnent acc\u00e8s \u00e0 six univers diff\u00e9rents qui se chevauchent, se heurtent et interf\u00e8rent avec notre vie quotidienne contemporaine. Personne ne peut observer, mesurer, limiter ou d\u00e9terminer ces sph\u00e8res et, en m\u00eame temps, aucune interpr\u00e9tation n&#8217;a jamais abouti \u00e0 une conception, une description ou une compr\u00e9hension satisfaisante. Nous nous contentons d&#8217;id\u00e9es floues et d&#8217;espoirs inconditionnels sur ces mondes et nous nous sentons \u00e0 leur merci lorsque les choses ne se passent pas comme nous le souhaitons.<\/span><\/span><\/p>\n<p style=\"language: fr; line-height: normal; margin-top: 0pt; margin-bottom: 0pt; margin-right: 0in; text-align: justify; text-justify: inter-ideograph; direction: ltr; unicode-bidi: embed;\"><span style=\"font-family: Arial, Helvetica, sans-serif; font-size: 14pt;\"><span style=\"font-style: normal; font-weight: normal; letter-spacing: 0px; font-variant-numeric: normal; font-variant-east-asian: normal; font-variant-alternates: normal; font-variant-position: normal; color: black;\">L&#8217;exposition rassemble des restes d&#8217;univers pop-up \u00e9ph\u00e9m\u00e8res, des artefacts, des images, des formes et des rituels. Ces objets issus de sph\u00e8res <\/span><span style=\"font-style: normal; font-weight: normal; letter-spacing: 0px; font-variant-numeric: normal; font-variant-east-asian: normal; font-variant-alternates: normal; font-variant-position: normal; color: black;\">auratiques<\/span><span style=\"font-style: normal; font-weight: normal; letter-spacing: 0px; font-variant-numeric: normal; font-variant-east-asian: normal; font-variant-alternates: normal; font-variant-position: normal; color: black;\"> et de syst\u00e8mes <\/span><span style=\"font-style: normal; font-weight: normal; letter-spacing: 0px; font-variant-numeric: normal; font-variant-east-asian: normal; font-variant-alternates: normal; font-variant-position: normal; color: black;\">arcaniques<\/span><span style=\"font-style: normal; font-weight: normal; letter-spacing: 0px; font-variant-numeric: normal; font-variant-east-asian: normal; font-variant-alternates: normal; font-variant-position: normal; color: black;\"> sont \u00e0 la fois subjectifs et montrent des chemins vers les pouvoirs des croyances et des r\u00eaves, ou attirent vers le monde des esprits ou le jeu cr\u00e9atif d&#8217;une technologie dysfonctionnelle. Ils montrent \u00e9galement les fantasmes de la superstition, les illusions de la bureaucratie et la r\u00e9pulsion des politiques migratoires.&nbsp;<\/span><span style=\"font-style: normal; font-weight: normal; letter-spacing: 0px; font-variant-numeric: normal; font-variant-east-asian: normal; font-variant-alternates: normal; font-variant-position: normal; color: black;\">Avec des \u0153uvres li\u00e9es \u00e0 des sujets tels que la bureaucratie (<\/span><span style=\"font-style: normal; font-weight: normal; letter-spacing: 0px; font-variant-numeric: normal; font-variant-east-asian: normal; font-variant-alternates: normal; font-variant-position: normal; color: black;\">Squeezed<\/span><span style=\"font-style: normal; font-weight: normal; letter-spacing: 0px; font-variant-numeric: normal; font-variant-east-asian: normal; font-variant-alternates: normal; font-variant-position: normal; color: black;\"> in <\/span><span style=\"font-style: normal; font-weight: normal; letter-spacing: 0px; font-variant-numeric: normal; font-variant-east-asian: normal; font-variant-alternates: normal; font-variant-position: normal; color: black;\">Infinity<\/span><span style=\"font-style: normal; font-weight: normal; letter-spacing: 0px; font-variant-numeric: normal; font-variant-east-asian: normal; font-variant-alternates: normal; font-variant-position: normal; color: black;\"> II, 2023), la migration (No, 2012), les r\u00eaves et les croyances (<\/span><span style=\"font-style: normal; font-weight: normal; letter-spacing: 0px; font-variant-numeric: normal; font-variant-east-asian: normal; font-variant-alternates: normal; font-variant-position: normal; color: black;\">Ons<\/span><span style=\"font-style: normal; font-weight: normal; letter-spacing: 0px; font-variant-numeric: normal; font-variant-east-asian: normal; font-variant-alternates: normal; font-variant-position: normal; color: black;\">, 2023), la spiritualit\u00e9 (<\/span><span style=\"font-style: normal; font-weight: normal; letter-spacing: 0px; font-variant-numeric: normal; font-variant-east-asian: normal; font-variant-alternates: normal; font-variant-position: normal; color: black;\">Disarmed<\/span> <span style=\"font-style: normal; font-weight: normal; letter-spacing: 0px; font-variant-numeric: normal; font-variant-east-asian: normal; font-variant-alternates: normal; font-variant-position: normal; color: black;\">Metaphysical<\/span> <span style=\"font-style: normal; font-weight: normal; letter-spacing: 0px; font-variant-numeric: normal; font-variant-east-asian: normal; font-variant-alternates: normal; font-variant-position: normal; color: black;\">Objects<\/span><span style=\"font-style: normal; font-weight: normal; letter-spacing: 0px; font-variant-numeric: normal; font-variant-east-asian: normal; font-variant-alternates: normal; font-variant-position: normal; color: black;\">, 2023), la technologie (<\/span><span style=\"font-style: normal; font-weight: normal; letter-spacing: 0px; font-variant-numeric: normal; font-variant-east-asian: normal; font-variant-alternates: normal; font-variant-position: normal; color: black;\">Crashed<\/span> <span style=\"font-style: normal; font-weight: normal; letter-spacing: 0px; font-variant-numeric: normal; font-variant-east-asian: normal; font-variant-alternates: normal; font-variant-position: normal; color: black;\">Memories<\/span><span style=\"font-style: normal; font-weight: normal; letter-spacing: 0px; font-variant-numeric: normal; font-variant-east-asian: normal; font-variant-alternates: normal; font-variant-position: normal; color: black;\"> Twenty-Eleven, 2023) et la superstition (Mare <\/span><span style=\"font-style: normal; font-weight: normal; letter-spacing: 0px; font-variant-numeric: normal; font-variant-east-asian: normal; font-variant-alternates: normal; font-variant-position: normal; color: black;\">Crisium<\/span><span style=\"font-style: normal; font-weight: normal; letter-spacing: 0px; font-variant-numeric: normal; font-variant-east-asian: normal; font-variant-alternates: normal; font-variant-position: normal; color: black;\">, 2020), Nadia <\/span><span style=\"font-style: normal; font-weight: normal; letter-spacing: 0px; font-variant-numeric: normal; font-variant-east-asian: normal; font-variant-alternates: normal; font-variant-position: normal; color: black;\">Kaabi<\/span><span style=\"font-style: normal; font-weight: normal; letter-spacing: 0px; font-variant-numeric: normal; font-variant-east-asian: normal; font-variant-alternates: normal; font-variant-position: normal; color: black;\">-Linke se r\u00e9f\u00e8re \u00e0 sa biographie.<\/span><\/span><\/p>\n<p style=\"language: fr; line-height: normal; margin-top: 0pt; margin-bottom: 0pt; margin-right: 0in; text-align: justify; text-justify: inter-ideograph; direction: ltr; unicode-bidi: embed;\"><span style=\"font-family: Arial, Helvetica, sans-serif; font-size: 14pt;\"><span style=\"font-variant: normal; color: black; text-transform: none; font-weight: normal; font-style: normal;\">Apr\u00e8s plus de vingt ans de vie \u00e0 l&#8217;\u00e9tranger, elle se penche sur les moments, les \u00e9v\u00e9nements et les souvenirs de la jeune histoire du pays qui interf\u00e8rent plus ou moins directement avec sa biographie. Tout au long de ses quinze ann\u00e9es de carri\u00e8re internationale en tant qu&#8217;artiste conceptuelle multim\u00e9dia, Nadia <\/span><span style=\"font-variant: normal; color: black; text-transform: none; font-weight: normal; font-style: normal;\">Kaabi<\/span><span style=\"font-variant: normal; color: black; text-transform: none; font-weight: normal; font-style: normal;\">-Linke est toujours rest\u00e9e proche de ses origines tunisiennes. En 2023, elle a r\u00e9alis\u00e9 le r\u00eave de pr\u00e9senter trois expositions personnelles li\u00e9es \u00e0 sa biographie dans des lieux qui s&#8217;y rapportent le plus.&nbsp;<\/span><span style=\"font-style: normal; font-weight: normal; letter-spacing: 0px; font-variant-numeric: normal; font-variant-east-asian: normal; font-variant-alternates: normal; font-variant-position: normal; color: black;\">En commen\u00e7ant par le Mus\u00e9e national d&#8217;art de l&#8217;Ukraine \u00e0 Kiev, suivi de la Galerie nationale d&#8217;art contemporain \u00e0 Berlin, elle compl\u00e8te cette ann\u00e9e le tour du chapeau avec l&#8217;exposition \u00e0 Tunis, o\u00f9 elle a obtenu son dipl\u00f4me de l&#8217;\u00c9cole des beaux-arts de Tunis il y a vingt-cinq ans.&nbsp;<\/span><span style=\"font-style: normal; font-weight: 400; letter-spacing: 0px; color: #000000; text-align: left;\">Ayant grandi entre Tunis, Kiev et Duba\u00ef, son histoire personnelle s&#8217;est d\u00e9velopp\u00e9e au fil des migrations \u00e0 travers les cultures et les fronti\u00e8res, influen\u00e7ant grandement sa pratique artistique.&nbsp;<\/span><span style=\"font-style: normal; font-weight: 400; letter-spacing: 0px; color: #000000; text-align: left;\">Son travail donne une pr\u00e9sence physique \u00e0 ce qui tend \u00e0 rester invisible dans les soci\u00e9t\u00e9s contemporaines,&nbsp;<\/span><span style=\"font-style: normal; font-weight: 400; letter-spacing: 0px; color: #000000; text-align: left;\">qu&#8217;il s&#8217;agisse de personnes, de structures ou des forces g\u00e9opolitiques qui les fa\u00e7onnent.&nbsp;<\/span><span style=\"font-style: normal; font-weight: 400; letter-spacing: 0px; color: #000000; text-align: left;\">D&#8217;une mani\u00e8re visuellement puissante, elle chevauche la beaut\u00e9 et la violence, le raffinement et la brutalit\u00e9,&nbsp;<\/span><span style=\"font-style: normal; font-weight: 400; letter-spacing: 0px; color: #000000; text-align: left;\">ainsi que le sublime et le vulgaire, engageant le spectateur dans le jeu des forces conflictuelles de la peur et de l&#8217;attirance, de la r\u00e9pulsion et du d\u00e9sir.<\/span><\/span><\/p><p style=\"language: fr; line-height: normal; margin-top: 0pt; margin-bottom: 0pt; margin-right: 0in; text-align: justify; text-justify: inter-ideograph; direction: ltr; unicode-bidi: embed;\"><span style=\"font-family: Arial, Helvetica, sans-serif; font-size: 14pt; font-style: normal; font-weight: 400; letter-spacing: 0px; color: rgb(0, 0, 0); text-align: left;\">Ses \u0153uvres ont \u00e9t\u00e9 expos\u00e9es et font partie de collections de renomm\u00e9e mondiale, parmi lesquelles le Museum of Modern Art et le Solomon R. Guggenheim Museum \u00e0 New York, le M+ Museum \u00e0 Hong Kong,&nbsp;<\/span><span style=\"font-family: Arial, Helvetica, sans-serif; font-size: 14pt; font-style: normal; font-weight: 400; letter-spacing: 0px; color: rgb(0, 0, 0); text-align: left;\">le Centre Pompidou \u00e0 Paris, la Sharjah Art Foundation aux \u00c9mirats arabes unis, le Dallas Museum au Texas et le FRAC Pays de Loire, en France.&nbsp;<\/span><span style=\"font-family: Arial, Helvetica, sans-serif; font-size: 14pt; font-style: normal; font-weight: 400; letter-spacing: 0px; color: rgb(0, 0, 0); text-align: start;\">Elle a pr\u00e9sent\u00e9 des expositions individuelles institutionnelles au Darat Al Funun d&#8217;Amman, au Kunstmuseum de Bonn, au Dallas Contemporary, au Mosaic Rooms de Londres et au Calouste Gulbenkian de Lisbonne, entre autres.&nbsp;<\/span><span style=\"font-family: Arial, Helvetica, sans-serif; font-size: 14pt; font-style: normal; font-weight: 400; letter-spacing: 0px; color: rgb(0, 0, 0); text-align: left;\">Ses \u0153uvres ont \u00e9galement fait partie d&#8217;expositions collectives internationales et de biennales telles que la Biennale de Lyon, la Triennale de Bruges, la Biennale de Kochi-Muziris, la Biennale de Liverpool, la Biennale de Sharjah, le Martin Gropius Bau, \u00e0 Berlin, le Louisiana Museum, au Danemark, le Nam June Paik Art Center, \u00e0 S\u00e9oul, la Galerie nationale d&#8217;art de Varsovie, l&#8217;Institut KW et la Maison de la culture mondiale (HKW), \u00e0 Berlin.&nbsp;<\/span><span style=\"font-family: Arial, Helvetica, sans-serif; font-size: 14pt; letter-spacing: 0px; color: rgb(0, 0, 0);\">Elle a re\u00e7u, entre autres, le lthra Art Prize, le Francois Schneider Art Prize, le Art Basel Discovery Prize et le Abraaj Group Art Prize.<\/span><\/p>\t\t\t\t\t\t\t\t<\/div>\n\t\t\t\t<\/div>\n\t\t\t\t<div class=\"elementor-element elementor-element-942433c elementor-widget-divider--view-line_text elementor-widget-divider--element-align-left elementor-widget elementor-widget-divider\" data-id=\"942433c\" data-element_type=\"widget\" data-settings=\"{&quot;motion_fx_motion_fx_scrolling&quot;:&quot;yes&quot;,&quot;motion_fx_translateX_effect&quot;:&quot;yes&quot;,&quot;motion_fx_translateX_speed&quot;:{&quot;unit&quot;:&quot;px&quot;,&quot;size&quot;:&quot;1&quot;,&quot;sizes&quot;:[]},&quot;motion_fx_translateX_affectedRange&quot;:{&quot;unit&quot;:&quot;%&quot;,&quot;size&quot;:&quot;&quot;,&quot;sizes&quot;:{&quot;start&quot;:&quot;0&quot;,&quot;end&quot;:&quot;50&quot;}},&quot;motion_fx_devices&quot;:[&quot;desktop&quot;,&quot;tablet&quot;]}\" data-widget_type=\"divider.default\">\n\t\t\t\t<div class=\"elementor-widget-container\">\n\t\t\t\t\t\t\t<div class=\"elementor-divider\">\n\t\t\t<span class=\"elementor-divider-separator\">\n\t\t\t\t\t\t\t<span class=\"elementor-divider__text elementor-divider__element\">\n\t\t\t\tExposition <font face=\"Overpass\"><b>en cours<\/b><\/font>\t\t\t\t<\/span>\n\t\t\t\t\t\t<\/span>\n\t\t<\/div>\n\t\t\t\t\t\t<\/div>\n\t\t\t\t<\/div>\n\t\t\t\t<div class=\"elementor-element elementor-element-99e55ae elementor-widget elementor-widget-read-more\" data-id=\"99e55ae\" data-element_type=\"widget\" data-widget_type=\"read-more.default\">\n\t\t\t\t<div class=\"elementor-widget-container\">\n\t\t\t\t\t<\/div><\/div><\/div><\/div><\/div><\/section><\/div> <a href=\"https:\/\/www.laboite-kilanigroupe.com\/en\/kaf-w-kaaba-halwa-i-nadia-kaabi-linke\/\" class=\"more-link elementor-more-link\"><span aria-label=\"Continue reading Kaf w Kaaba Halwa I Nadia Kaabi-Linke\">Poursuivre la lecture<\/span><\/a>","protected":false},"excerpt":{"rendered":"<p>[vc_row type=&#8221;in_container&#8221; full_screen_row_position=&#8221;middle&#8221; scene_position=&#8221;center&#8221; text_color=&#8221;dark&#8221; text_align=&#8221;left&#8221; overlay_strength=&#8221;0.3&#8243; shape_divider_position=&#8221;bottom&#8221; bg_image_animation=&#8221;none&#8221;][vc_column column_padding=&#8221;no-extra-padding&#8221; column_padding_position=&#8221;all&#8221; background_color_opacity=&#8221;1&#8243; background_hover_color_opacity=&#8221;1&#8243; column_link_target=&#8221;_self&#8221; column_shadow=&#8221;none&#8221;&#8230;<\/p>\n","protected":false},"author":8,"featured_media":13065,"parent":0,"menu_order":0,"comment_status":"closed","ping_status":"closed","template":"","meta":{"inline_featured_image":false,"footnotes":""},"categories":[57],"tags":[],"class_list":{"0":"post-15761","1":"page","2":"type-page","3":"status-publish","4":"has-post-thumbnail","6":"category-exhibitions"},"aioseo_notices":[],"jetpack_sharing_enabled":true,"_links":{"self":[{"href":"https:\/\/www.laboite-kilanigroupe.com\/en\/wp-json\/wp\/v2\/pages\/15761","targetHints":{"allow":["GET"]}}],"collection":[{"href":"https:\/\/www.laboite-kilanigroupe.com\/en\/wp-json\/wp\/v2\/pages"}],"about":[{"href":"https:\/\/www.laboite-kilanigroupe.com\/en\/wp-json\/wp\/v2\/types\/page"}],"author":[{"embeddable":true,"href":"https:\/\/www.laboite-kilanigroupe.com\/en\/wp-json\/wp\/v2\/users\/8"}],"replies":[{"embeddable":true,"href":"https:\/\/www.laboite-kilanigroupe.com\/en\/wp-json\/wp\/v2\/comments?post=15761"}],"version-history":[{"count":1,"href":"https:\/\/www.laboite-kilanigroupe.com\/en\/wp-json\/wp\/v2\/pages\/15761\/revisions"}],"predecessor-version":[{"id":15762,"href":"https:\/\/www.laboite-kilanigroupe.com\/en\/wp-json\/wp\/v2\/pages\/15761\/revisions\/15762"}],"wp:featuredmedia":[{"embeddable":true,"href":"https:\/\/www.laboite-kilanigroupe.com\/en\/wp-json\/wp\/v2\/media\/13065"}],"wp:attachment":[{"href":"https:\/\/www.laboite-kilanigroupe.com\/en\/wp-json\/wp\/v2\/media?parent=15761"}],"wp:term":[{"taxonomy":"category","embeddable":true,"href":"https:\/\/www.laboite-kilanigroupe.com\/en\/wp-json\/wp\/v2\/categories?post=15761"},{"taxonomy":"post_tag","embeddable":true,"href":"https:\/\/www.laboite-kilanigroupe.com\/en\/wp-json\/wp\/v2\/tags?post=15761"}],"curies":[{"name":"wp","href":"https:\/\/api.w.org\/{rel}","templated":true}]}}